{"id":1257,"date":"2024-03-23T07:18:38","date_gmt":"2024-03-23T06:18:38","guid":{"rendered":"https:\/\/alvesconde-avocat.fr\/?page_id=1257"},"modified":"2025-02-15T09:41:16","modified_gmt":"2025-02-15T08:41:16","slug":"domaines-dintervention","status":"publish","type":"page","link":"https:\/\/alvesconde-avocat.fr\/?page_id=1257","title":{"rendered":"Domaines d&rsquo;intervention"},"content":{"rendered":"\t\t<div data-elementor-type=\"wp-page\" data-elementor-id=\"1257\" class=\"elementor elementor-1257\">\n\t\t\t\t<div class=\"elementor-element elementor-element-4ce168d e-flex e-con-boxed e-con e-parent\" data-id=\"4ce168d\" data-element_type=\"container\">\n\t\t\t\t\t<div class=\"e-con-inner\">\n\t\t\t\t<div class=\"elementor-element elementor-element-9b0c784 elementor-widget elementor-widget-heading\" data-id=\"9b0c784\" data-element_type=\"widget\" data-widget_type=\"heading.default\">\n\t\t\t\t<div class=\"elementor-widget-container\">\n\t\t\t\t\t<h2 class=\"elementor-heading-title elementor-size-default\">Le Cabinet vous propose ses services pour vous assister et vous repr\u00e9senter, en droit du travail et en droit de la s\u00e9curit\u00e9 sociale. <br><br>Le Cabinet s'engage, par ailleurs, en d\u00e9fense des droits des justiciables retenus contre leur gr\u00e9. <\/h2>\t\t\t\t<\/div>\n\t\t\t\t<\/div>\n\t\t\t\t\t<\/div>\n\t\t\t\t<\/div>\n\t\t<div class=\"elementor-element elementor-element-89f192d e-flex e-con-boxed e-con e-parent\" data-id=\"89f192d\" data-element_type=\"container\">\n\t\t\t\t\t<div class=\"e-con-inner\">\n\t\t\t\t<div class=\"elementor-element elementor-element-83feac7 elementor-widget elementor-widget-text-editor\" data-id=\"83feac7\" data-element_type=\"widget\" data-widget_type=\"text-editor.default\">\n\t\t\t\t<div class=\"elementor-widget-container\">\n\t\t\t\t\t\t\t\t\t<p><span style=\"text-decoration: underline;\"><strong>Avant <\/strong><\/span><u style=\"font-weight: bold;\"><strong>tout<\/strong> proc\u00e8s<\/u><b>, <\/b>le Cabinet vous propose son accompagnement son intervention.&nbsp;<\/p>\n<p><span style=\"color: var( --e-global-color-text ); font-family: var( --e-global-typography-text-font-family ), Sans-serif; font-weight: var( --e-global-typography-text-font-weight ); text-align: var(--text-align); font-size: 1rem;\">La d\u00e9marche du Cabinet, guid\u00e9e par la d\u00e9fense de vos droits et de vos int\u00e9r\u00eats, vous permettra de vous renseigner sur vos droits, d&rsquo;\u00e9valuer vos options et de d\u00e9finir une strat\u00e9gie d&rsquo;action, de recherche une issue amiable lorsqu&rsquo;elle apparait souhaitable et possible.&nbsp;<\/span><\/p>\n<p><b style=\"color: var( --e-global-color-text ); font-family: var( --e-global-typography-text-font-family ), Sans-serif; text-align: var(--text-align); font-size: 1rem;\">Lorsqu&rsquo;aucune issue amiable n&rsquo;est possible ou quand elle n&rsquo;est pas souhait\u00e9e, mais aussi lorsque la situation l&rsquo;exige, <u>l<span style=\"color: var( --e-global-color-text ); font-family: var( --e-global-typography-text-font-family ), Sans-serif; text-align: var(--text-align); font-size: 1rem;\">e Cabinet vous accompagne en<\/span><\/u><span style=\"color: var( --e-global-color-text ); font-family: var( --e-global-typography-text-font-family ), Sans-serif; text-align: var(--text-align); font-size: 1rem;\"><u>&nbsp;<\/u><\/span><\/b><b style=\"color: var( --e-global-color-text ); font-family: var( --e-global-typography-text-font-family ), Sans-serif; text-align: var(--text-align); font-size: 1rem;\"><u>contentieux<\/u>.&nbsp;<\/b><\/p>\n<p><span style=\"color: var( --e-global-color-text ); font-family: var( --e-global-typography-text-font-family ), Sans-serif; font-size: 1rem; font-weight: var( --e-global-typography-text-font-weight ); text-align: var(--text-align);\">Le Cabinet est en mesure de vous repr\u00e9senter et saisir les juridictions judiciaires (<\/span><strong style=\"color: var( --e-global-color-text ); font-family: var( --e-global-typography-text-font-family ), Sans-serif; font-size: 1rem; text-align: var(--text-align);\">Conseil de prud&rsquo;hommes, P\u00f4le social du Tribunal judiciaire, Cour d&rsquo;appel<\/strong><span style=\"color: var( --e-global-color-text ); font-family: var( --e-global-typography-text-font-family ), Sans-serif; font-size: 1rem; font-weight: var( --e-global-typography-text-font-weight ); text-align: var(--text-align);\">&#8230;) ou administratives (<\/span><strong style=\"color: var( --e-global-color-text ); font-family: var( --e-global-typography-text-font-family ), Sans-serif; font-size: 1rem; text-align: var(--text-align);\">Tribunal administratif, Cour administrative d&rsquo;appel<\/strong><span style=\"color: var( --e-global-color-text ); font-family: var( --e-global-typography-text-font-family ), Sans-serif; font-size: 1rem; font-weight: var( --e-global-typography-text-font-weight ); text-align: var(--text-align);\">), et les autorit\u00e9s comp\u00e9tentes&nbsp;<\/span><span style=\"color: var( --e-global-color-text ); font-family: var( --e-global-typography-text-font-family ), Sans-serif; font-size: 1rem; font-weight: var( --e-global-typography-text-font-weight ); text-align: var(--text-align);\">(<\/span><span style=\"color: var( --e-global-color-text ); font-family: var( --e-global-typography-text-font-family ), Sans-serif; font-size: 1rem; text-align: var(--text-align);\"><b>Inspection du travail<\/b><\/span><span style=\"color: var( --e-global-color-text ); font-family: var( --e-global-typography-text-font-family ), Sans-serif; font-size: 1rem; font-weight: var( --e-global-typography-text-font-weight ); text-align: var(--text-align);\">).&nbsp;<\/span><\/p>\t\t\t\t\t\t\t\t<\/div>\n\t\t\t\t<\/div>\n\t\t\t\t\t<\/div>\n\t\t\t\t<\/div>\n\t\t<div class=\"elementor-element elementor-element-0356539 e-flex e-con-boxed e-con e-parent\" data-id=\"0356539\" data-element_type=\"container\">\n\t\t\t\t\t<div class=\"e-con-inner\">\n\t\t<div class=\"elementor-element elementor-element-45e67b9 e-con-full e-flex e-con e-child\" data-id=\"45e67b9\" data-element_type=\"container\">\n\t\t\t\t<div class=\"elementor-element elementor-element-82da770 elementor-widget elementor-widget-heading\" data-id=\"82da770\" data-element_type=\"widget\" data-widget_type=\"heading.default\">\n\t\t\t\t<div class=\"elementor-widget-container\">\n\t\t\t\t\t<h2 class=\"elementor-heading-title elementor-size-default\">Droit du travail <\/h2>\t\t\t\t<\/div>\n\t\t\t\t<\/div>\n\t\t\t\t<\/div>\n\t\t<div class=\"elementor-element elementor-element-5ce6a43 e-con-full e-flex e-con e-child\" data-id=\"5ce6a43\" data-element_type=\"container\">\n\t\t\t\t<div class=\"elementor-element elementor-element-6ff025a elementor-widget elementor-widget-text-editor\" data-id=\"6ff025a\" data-element_type=\"widget\" data-widget_type=\"text-editor.default\">\n\t\t\t\t<div class=\"elementor-widget-container\">\n\t\t\t\t\t\t\t\t\t<p class=\"has-text-align-left\">Le Cabinet assiste et repr\u00e9sente ses clients \u00e0 tous les stades de la relation de travail, dans les rapports entre employeur et salari\u00e9, dans leurs relations avec l&rsquo;Administration et devant les juridictions, Conseil de prud&rsquo;hommes et Cour d&rsquo;appel.<\/p><p class=\"has-text-align-left\"><strong><u>Conseil<\/u><\/strong><\/p><p>Le Cabinet assiste ses clients en mati\u00e8re de conclusion, de modification, d&rsquo;ex\u00e9cution et de rupture du contrat de travail.\u00a0<\/p><p><strong><u>N\u00e9gociation<\/u><\/strong><\/p><p>Comp\u00e9tent pour n\u00e9gocier, mettre en oeuvre et suivre des proc\u00e9dures, le Cabinet accompagne ses clients notamment \u00e0 l&rsquo;occasion des strat\u00e9gies de sortie pouvant impliquer de transiger.<\/p><p>Le Cabinet pr\u00eate une attention particuli\u00e8re aux aspects essentiels de la n\u00e9gociation : r\u00e9gime fiscal et social des indemnit\u00e9s, juste montant de l&rsquo;indemnisation, formalisation de l&rsquo;accord et des engagements suivant la rupture de la relation de travail.\u00a0<\/p><p><strong><u>Contentieux<\/u><\/strong><\/p><p>Fort d&rsquo;une solide exp\u00e9rience en contentieux, le Cabinet met en oeuvre toute proc\u00e9dure devant le Conseil de prud&rsquo;hommes, en demande et en d\u00e9fense.\u00a0<\/p><p>Le Cabinet vous propose de vous accompagner pour toutes les probl\u00e9matiques li\u00e9es \u00e0 la conclusion, l&rsquo;ex\u00e9cution et la rupture du contrat de travail.\u00a0<\/p><p>Le Cabinet traite ainsi tout type d&rsquo;affaire :\u00a0<span style=\"text-align: var(--text-align); font-family: -apple-system, BlinkMacSystemFont, 'Segoe UI', Roboto, 'Helvetica Neue', Arial, 'Noto Sans', sans-serif, 'Apple Color Emoji', 'Segoe UI Emoji', 'Segoe UI Symbol', 'Noto Color Emoji'; font-size: 1rem;\">\u00a0rupture du contrat de travail et licenciement, harc\u00e8lements, discriminations, temps de travail et heures suppl\u00e9mentaires, classification professionnelle, hygi\u00e8ne et s\u00e9curit\u00e9&#8230;\u00a0<\/span><\/p>\t\t\t\t\t\t\t\t<\/div>\n\t\t\t\t<\/div>\n\t\t\t\t<\/div>\n\t\t\t\t\t<\/div>\n\t\t\t\t<\/div>\n\t\t<div class=\"elementor-element elementor-element-c05afc6 e-flex e-con-boxed e-con e-parent\" data-id=\"c05afc6\" data-element_type=\"container\">\n\t\t\t\t\t<div class=\"e-con-inner\">\n\t\t<div class=\"elementor-element elementor-element-1d4cbc8 e-con-full e-flex e-con e-child\" data-id=\"1d4cbc8\" data-element_type=\"container\">\n\t\t\t\t<div class=\"elementor-element elementor-element-69cf840 elementor-widget elementor-widget-heading\" data-id=\"69cf840\" data-element_type=\"widget\" data-widget_type=\"heading.default\">\n\t\t\t\t<div class=\"elementor-widget-container\">\n\t\t\t\t\t<h2 class=\"elementor-heading-title elementor-size-default\">Droit de la s\u00e9curit\u00e9 sociale<\/h2>\t\t\t\t<\/div>\n\t\t\t\t<\/div>\n\t\t\t\t<\/div>\n\t\t<div class=\"elementor-element elementor-element-74056d5 e-con-full e-flex e-con e-child\" data-id=\"74056d5\" data-element_type=\"container\">\n\t\t\t\t<div class=\"elementor-element elementor-element-e58a06b elementor-widget elementor-widget-text-editor\" data-id=\"e58a06b\" data-element_type=\"widget\" data-widget_type=\"text-editor.default\">\n\t\t\t\t<div class=\"elementor-widget-container\">\n\t\t\t\t\t\t\t\t\t<p class=\"has-text-align-left\">Le Cabinet accompagne ses clients en mati\u00e8re d&rsquo;<strong>accidents du travail et de maladies professionnelles<\/strong>, dans les rapports entre les salari\u00e9s, les employeurs et les Caisses de S\u00e9curit\u00e9 sociale.\u00a0<\/p><p class=\"has-text-align-left\"><b><u>En contentieux<\/u><\/b>, le Cabinet intervient notamment en mati\u00e8re de d\u00e9cision de prise en charge et de reconnaissance des accidents du travail et des maladies professionnelles,\u00a0 d&rsquo;inopposabilit\u00e9 de ces d\u00e9cisions, de reconnaissance de la faute inexcusable de l&#8217;employeur et d&rsquo;indemnisation.\u00a0<\/p>\t\t\t\t\t\t\t\t<\/div>\n\t\t\t\t<\/div>\n\t\t\t\t<\/div>\n\t\t\t\t\t<\/div>\n\t\t\t\t<\/div>\n\t\t<div class=\"elementor-element elementor-element-a20c83f e-flex e-con-boxed e-con e-parent\" data-id=\"a20c83f\" data-element_type=\"container\">\n\t\t\t\t\t<div class=\"e-con-inner\">\n\t\t<div class=\"elementor-element elementor-element-e6d4f1e e-con-full e-flex e-con e-child\" data-id=\"e6d4f1e\" data-element_type=\"container\">\n\t\t\t\t<div class=\"elementor-element elementor-element-2bfc1bd elementor-widget elementor-widget-heading\" data-id=\"2bfc1bd\" data-element_type=\"widget\" data-widget_type=\"heading.default\">\n\t\t\t\t<div class=\"elementor-widget-container\">\n\t\t\t\t\t<h2 class=\"elementor-heading-title elementor-size-default\">Responsabilit\u00e9 de l'Etat<\/h2>\t\t\t\t<\/div>\n\t\t\t\t<\/div>\n\t\t\t\t<\/div>\n\t\t<div class=\"elementor-element elementor-element-15102ea e-con-full e-flex e-con e-child\" data-id=\"15102ea\" data-element_type=\"container\">\n\t\t\t\t<div class=\"elementor-element elementor-element-7f7bc04 elementor-widget elementor-widget-text-editor\" data-id=\"7f7bc04\" data-element_type=\"widget\" data-widget_type=\"text-editor.default\">\n\t\t\t\t<div class=\"elementor-widget-container\">\n\t\t\t\t\t\t\t\t\t<p><span style=\"color: var( --e-global-color-text ); font-family: var( --e-global-typography-text-font-family ), Sans-serif; font-weight: var( --e-global-typography-text-font-weight ); text-align: var(--text-align); font-size: 1rem;\">Lorsque la situation l&rsquo;exige, l<\/span>e Cabinet engage la <strong>responsabilit\u00e9 de l&rsquo;Etat<\/strong> pour demander l&rsquo;indemnisation de ses clients, notamment quand les proc\u00e9dures mises en oeuvre par les juridictions saisies ne sont pas trait\u00e9es <span style=\"font-weight: bolder; text-align: var(--text-align); font-family: -apple-system, BlinkMacSystemFont, 'Segoe UI', Roboto, 'Helvetica Neue', Arial, 'Noto Sans', sans-serif, 'Apple Color Emoji', 'Segoe UI Emoji', 'Segoe UI Symbol', 'Noto Color Emoji'; font-size: 1rem;\">dans des d\u00e9lais raisonnables<\/span>.\u00a0<\/p>\t\t\t\t\t\t\t\t<\/div>\n\t\t\t\t<\/div>\n\t\t\t\t<\/div>\n\t\t\t\t\t<\/div>\n\t\t\t\t<\/div>\n\t\t<div class=\"elementor-element elementor-element-b8c36ca e-flex e-con-boxed e-con e-parent\" data-id=\"b8c36ca\" data-element_type=\"container\">\n\t\t\t\t\t<div class=\"e-con-inner\">\n\t\t<div class=\"elementor-element elementor-element-db72baa e-con-full e-flex e-con e-child\" data-id=\"db72baa\" data-element_type=\"container\">\n\t\t\t\t<div class=\"elementor-element elementor-element-ccb9623 elementor-widget elementor-widget-heading\" data-id=\"ccb9623\" data-element_type=\"widget\" data-widget_type=\"heading.default\">\n\t\t\t\t<div class=\"elementor-widget-container\">\n\t\t\t\t\t<h2 class=\"elementor-heading-title elementor-size-default\">Droit des personnes retenues<\/h2>\t\t\t\t<\/div>\n\t\t\t\t<\/div>\n\t\t\t\t<\/div>\n\t\t<div class=\"elementor-element elementor-element-0a2fa2d e-con-full e-flex e-con e-child\" data-id=\"0a2fa2d\" data-element_type=\"container\">\n\t\t\t\t<div class=\"elementor-element elementor-element-0d36373 elementor-widget elementor-widget-text-editor\" data-id=\"0d36373\" data-element_type=\"widget\" data-widget_type=\"text-editor.default\">\n\t\t\t\t<div class=\"elementor-widget-container\">\n\t\t\t\t\t\t\t\t\t<p class=\"has-text-align-left\">Depuis ses d\u00e9buts, le Cabinet s&rsquo;engage pour la d\u00e9fense des justiciables et prend part \u00e0 diff\u00e9rentes permanences organis\u00e9es par l&rsquo;Ordre des Avocats de LYON visant, notamment, \u00e0 pr\u00e9server les droits des personnes retenues contre leur gr\u00e9.\u00a0<\/p><p class=\"has-text-align-left\">Engag\u00e9 pour la d\u00e9fense des justiciables, le Cabinet assiste les personnes :\u00a0<\/p><p class=\"has-text-align-left\">&#8211; plac\u00e9es en <b>garde \u00e0 vue<\/b><\/p><p class=\"has-text-align-left\">&#8211; convoqu\u00e9es en <b>audition libre<\/b><\/p><p class=\"has-text-align-left\">&#8211; <b>hospitalis\u00e9es sans consentement<\/b>.<\/p>\t\t\t\t\t\t\t\t<\/div>\n\t\t\t\t<\/div>\n\t\t\t\t<\/div>\n\t\t\t\t\t<\/div>\n\t\t\t\t<\/div>\n\t\t<div class=\"elementor-element elementor-element-9715ed3 e-flex e-con-boxed e-con e-parent\" data-id=\"9715ed3\" data-element_type=\"container\">\n\t\t\t\t\t<div class=\"e-con-inner\">\n\t\t\t\t<div class=\"elementor-element elementor-element-f909bc5 elementor-widget elementor-widget-spacer\" data-id=\"f909bc5\" data-element_type=\"widget\" data-widget_type=\"spacer.default\">\n\t\t\t\t<div class=\"elementor-widget-container\">\n\t\t\t\t\t\t\t<div class=\"elementor-spacer\">\n\t\t\t<div class=\"elementor-spacer-inner\"><\/div>\n\t\t<\/div>\n\t\t\t\t\t\t<\/div>\n\t\t\t\t<\/div>\n\t\t\t\t\t<\/div>\n\t\t\t\t<\/div>\n\t\t\t\t<\/div>\n\t\t","protected":false},"excerpt":{"rendered":"<p>Le Cabinet vous propose ses services pour vous assister et vous repr\u00e9senter, en droit du travail et en droit de la s\u00e9curit\u00e9 sociale. Le Cabinet s&rsquo;engage, par ailleurs, en d\u00e9fense des droits des justiciables retenus contre leur gr\u00e9. Avant tout proc\u00e8s, le Cabinet vous propose son accompagnement son intervention.&nbsp; La d\u00e9marche du Cabinet, guid\u00e9e par [&hellip;]<\/p>\n","protected":false},"author":1,"featured_media":0,"parent":0,"menu_order":0,"comment_status":"closed","ping_status":"closed","template":"","meta":{"footnotes":""},"class_list":["post-1257","page","type-page","status-publish","hentry"],"_links":{"self":[{"href":"https:\/\/alvesconde-avocat.fr\/index.php?rest_route=\/wp\/v2\/pages\/1257","targetHints":{"allow":["GET"]}}],"collection":[{"href":"https:\/\/alvesconde-avocat.fr\/index.php?rest_route=\/wp\/v2\/pages"}],"about":[{"href":"https:\/\/alvesconde-avocat.fr\/index.php?rest_route=\/wp\/v2\/types\/page"}],"author":[{"embeddable":true,"href":"https:\/\/alvesconde-avocat.fr\/index.php?rest_route=\/wp\/v2\/users\/1"}],"replies":[{"embeddable":true,"href":"https:\/\/alvesconde-avocat.fr\/index.php?rest_route=%2Fwp%2Fv2%2Fcomments&post=1257"}],"version-history":[{"count":42,"href":"https:\/\/alvesconde-avocat.fr\/index.php?rest_route=\/wp\/v2\/pages\/1257\/revisions"}],"predecessor-version":[{"id":1744,"href":"https:\/\/alvesconde-avocat.fr\/index.php?rest_route=\/wp\/v2\/pages\/1257\/revisions\/1744"}],"wp:attachment":[{"href":"https:\/\/alvesconde-avocat.fr\/index.php?rest_route=%2Fwp%2Fv2%2Fmedia&parent=1257"}],"curies":[{"name":"wp","href":"https:\/\/api.w.org\/{rel}","templated":true}]}}